{"id":3738,"date":"2023-05-23T21:23:00","date_gmt":"2023-05-23T21:23:00","guid":{"rendered":"https:\/\/coa-aco.org\/event-calendar\/"},"modified":"2026-08-26T18:09:44","modified_gmt":"2026-08-26T18:09:44","slug":"event-calendar","status":"publish","type":"page","link":"https:\/\/coa-aco.org\/fr\/education-et-pratique\/event-calendar\/","title":{"rendered":"\u00c9v\u00e9nements"},"content":{"rendered":"\r\n<div class=\"hero hero--small\">\r\n\t<div class=\"shell hero__shell\">\r\n\t\t<div class=\"hero__inner\">\r\n\t\t\t<div class=\"hero__content\">\r\n\t\t\t\t\r\n\t\t\t\t<header class=\"hero__head richtext-entry\">\r\n\t\t\t\t\t<h1>\u00c9v\u00e9nements<\/h1>\n\t\t\t\t<\/header><!-- \/.hero__head -->\r\n\r\n\t\t\t\t<div class=\"hero__body richtext-entry\">\r\n\t\t\t\t\t<p>Calendrier des activit\u00e9s importantes en orthop\u00e9die, y compris les possibilit\u00e9s d\u2019\u00e9ducation m\u00e9dicale continue, les symposiums, les congr\u00e8s, les ateliers et les cours.<\/p>\n<p>Pour inscrire votre activit\u00e9 au calendrier en ligne ou pour toute question concernant les activit\u00e9s \u00e9ducatives de l&#8217;ACO, veuillez contacter <a href=\"mailto:education@canorth.org\" target=\"_blank\" rel=\"noopener\">education@canorth.org<\/a> ou 514-874-9003, poste 2.<\/p>\n\t\t\t\t<\/div><!-- \/.hero__body richtext-entry -->\r\n\t\t\t<\/div><!-- \/.hero__content -->\r\n\r\n\t\t\t<div class=\"hero__media\">\r\n\t\t\t\t<img loading=\"lazy\" decoding=\"async\" width=\"768\" height=\"396\" src=\"https:\/\/coa-aco.org\/wp-content\/uploads\/2023\/05\/COA-Small-Hero_4-768x396.png\" class=\"attachment-medium_large size-medium_large\" alt=\"\" srcset=\"https:\/\/coa-aco.org\/wp-content\/uploads\/2023\/05\/COA-Small-Hero_4-768x396.png 768w, https:\/\/coa-aco.org\/wp-content\/uploads\/2023\/05\/COA-Small-Hero_4-300x155.png 300w, https:\/\/coa-aco.org\/wp-content\/uploads\/2023\/05\/COA-Small-Hero_4-1024x528.png 1024w, https:\/\/coa-aco.org\/wp-content\/uploads\/2023\/05\/COA-Small-Hero_4-1536x792.png 1536w, https:\/\/coa-aco.org\/wp-content\/uploads\/2023\/05\/COA-Small-Hero_4-2048x1056.png 2048w, https:\/\/coa-aco.org\/wp-content\/uploads\/2023\/05\/COA-Small-Hero_4-1920x990.png 1920w\" sizes=\"auto, (max-width: 768px) 100vw, 768px\" \/>\t\t\t<\/div><!-- \/.hero__media -->\r\n\t\t<\/div><!-- \/.hero__inner -->\r\n\t<\/div><!-- \/.shell hero__shell -->\r\n<\/div><!-- \/.hero hero-\/-small -->\r\n\n\n\r\n<section class=\"section\">\r\n\t<div class=\"shell\">\r\n\t\t<div class=\"grid accordion-grid\">\r\n\t\t\t<div class=\"grid__col grid__col--2of3\">\r\n\t\t\t\t\t\t\t\t<div class=\"accordion\">\r\n\t\t\t\t\t\t\t\t\t\t\t<div class=\"accordion__section\">\r\n\t\t\t\t\t\t\t<div class=\"accordion__head\">\r\n\t\t\t\t\t\t\t\t<div class=\"accordion__head-wrapper\">\r\n\t\t\t\t\t\t\t\t\t<h6>\r\n\t\t\t\t\t\t\t\t\t\t\u00c9v\u00e9nements de l\u2019ACO\t\t\t\t\t\t\t\t\t<\/h6>\r\n\t\t\t\t\t\t\t\t<\/div><!-- \/.accordion__head-wrapper -->\r\n\r\n\t\t\t\t\t\t\t\t<figure class=\"accordion__ico\">\r\n\t\t\t\t\t\t\t\t\t<img decoding=\"async\" src=\"https:\/\/coa-aco.org\/wp-content\/themes\/canadian-orthopaedic-association\/resources\/images\/temp\/dropdown-ico.svg\" alt=\"\">\r\n\t\t\t\t\t\t\t\t<\/figure><!-- \/.accordion__ico -->\r\n\t\t\t\t\t\t\t<\/div><!-- \/.accordion__head -->\r\n\r\n\t\t\t\t\t\t\t<div class=\"accordion__body richtext-entry\">\r\n\t\t\t\t\t\t\t\t<p>&nbsp;<\/p>\n<h4><strong>R\u00e9servez la date : Nouvelle s\u00e9rie de webinaires de l\u2019ACO<\/strong><\/h4>\n<div>\n<div class=\"___be36l80 fbotcpb fy77jfu f6dzj5z\">\n<div class=\"fai-CopilotMessage r1f6yzd6 ___1fjo9g7 f1g2tzg5 fgct6un fy77jfu f2c7lf3\" tabindex=\"0\" role=\"article\" aria-labelledby=\"copilot-message-r7a-title copilot-message-r7a\" aria-setsize=\"2\" aria-posinset=\"2\" data-tabster=\"{&quot;groupper&quot;:{&quot;tabbability&quot;:2},&quot;focusable&quot;:{}}\">\n<div id=\"copilot-message-r7a\" class=\"fai-CopilotMessage__content r1izxv8h ___7qar2c0 fcthzvy\" dir=\"auto\">\n<div dir=\"auto\">\n<div class=\"___1vve6yh f22iagw f1vx9l62 f122n59 f3bhgqh f1mnxvew fly5x3f\">\n<div class=\"___j4vmuw0 f22iagw f1vx9l62 f1869bpl fly5x3f fbc6vix\">\n<div tabindex=\"-1\" data-testid=\"loading-message\" data-fui-focus-visible=\"\">\n<div id=\"response-idr78\" class=\"___1yop6mf f336tjw f9ijwd5 fz7g6wx fod5ikn f1s184ao\" data-testid=\"lastChatMessage\">\n<div class=\"___1j4t0a1 f1lmfglv f1abmfm4\" dir=\"auto\" aria-hidden=\"false\" data-testid=\"markdown-reply\" data-message-type=\"Chat\">\n<div class=\"___nfp7g60 f22iagw f1vx9l62 fkmyikg fk15e71 f1k953kz f137keqj f1rncccw f1stllg3 f1w4kmmc f1tric3v f10dk5ic fx8cdsv f16nlwsl f1eookvz fhjrts3 fqugt2f f18d18k8 f1v1vhmp f1hdmul3 f198vjnp f2dshw1 fjpjndq fnmj2pj ffrrb40 f1mon110 fhajzam fimndk6 fxv4dng fb1rn9k f59wlhv f1xmfh30 f18yf5o5 fmr6chf fw8qy2q ff161sd f1qr7t77 f1yyogn1 foogchg fp5872b f1tpb8gf f1hdgrc8 f1vatr43 frkxccd f9pdzkb f158oiaz ft5kggy f5l4ui7 f13j03li f18xdoka f8off4e f1go6zfc f128n2ra f1jpxw2j f1lwd9n0 fy0b8hm f1g2633v fx4kvgi fkvolse f1gxrt3a f1os76ua f1js9cnw f1g87ej0 freluf8 f1yggaq6 f2i3chp f1151osp florpoh f35kzfz ftp9m57 f1e288vi fz62hnz fixvuys f1nmofwh fc1c6mv f18a2er7 fhvkrdl fhxnn68 f1oce4bo fvhlfan f7tc0t0 f1ngf1n2 ffrzq6x f1yjiq2m f1aqdgql f1huvaf f10ij78l f1k94sa4 fkmfumq f1jvzkyl f1eu24ob f1xbfc1f fmf0lwf f107dsy8 f3w566c f4648sl f13zpkng f7unjfp f8p1rz fzu6h1w f1i1bi6h f1smo7hi f1sk1xod f1kgogdq f1gjktkp ft608jz f1o9wiiv fg3xr24 fhd155k f1b8gl2e fg4b9ou flb4lo fdicbfk fgwcyh1 f1jbds0d f1fb9uea f1stuka4 fcrtu6g fwqh0xn f11w66yg f6e0e65 f1vvgu0 f1607507 fgct6un f1ec1nbe fg3fpv7 f1m9bycv f1ntoah8 f1b694rt faql4r2 fpjuhzh fmavl6h f1d9bsk fmzhlt0 f145l92p fwkyaqm f129obh1 f19la9g f127w39w fr0ux9m fxhidck f1cu4h9j f1wnbo7v f1eueg4z fy9c24f f1h2o91j f1iw08fq f19n0e5\">\n<p>\u00c0 compter de <strong>septembre<\/strong>, nous lancerons une nouvelle <strong>s\u00e9rie de webinaires de l\u2019ACO<\/strong>.<\/p>\n<p>Joignez-vous \u00e0 nous le <strong>dernier mardi de chaque mois, \u00e0 20h (HE)<\/strong>\u00a0pour des pr\u00e9sentations et des discussions enrichissantes sur des sujets pertinents pour la communaut\u00e9 orthop\u00e9dique, notamment les soins cliniques, l\u2019innovation, la recherche, l\u2019\u00e9ducation et le bien-\u00eatre.<\/p>\n<p><strong>Dates des webinaires :<\/strong><\/p>\n<ul>\n<li><strong>29 septembre 2026 &#8211; <\/strong><em>O<\/em><em>rganis\u00e9 par le Dr Robert Litchfield, plus d&#8217;information \u00e0 venir bient\u00f4t.\u00a0<\/em><\/li>\n<li><strong>27 octobre 2026 &#8211;<\/strong> Webinaire COAGS (Plan\u00e8te Ortho) x ACRO (R\u00e9sidents)\u00a0 &#8211; \u00ab Comment s\u2019impliquer en chirurgie orthop\u00e9dique mondiale en tant que r\u00e9sident(e) \u00bb &#8211; <a href=\"https:\/\/us02web.zoom.us\/meeting\/register\/ueOPfzomT02i1jSjJZahdQ\" target=\"_blank\" rel=\"noopener\">Inscrivez-vous ici<\/a><\/li>\n<li><strong>24 novembre 2026<\/strong><\/li>\n<li><strong>26 janvier 2027<\/strong><\/li>\n<li><strong>23 f\u00e9vrier 2027 &#8211;\u00a0<\/strong><em>Organis\u00e9 par le Comit\u00e9 du bien-\u00eatre<\/em><\/li>\n<li><strong>30 mars 2027 &#8211;\u00a0<\/strong><em>Sur la hanche palliative (titre \u00e0 venir), organis\u00e9 par le Dr St\u00e9phane Pelet<\/em><\/li>\n<li><strong>27 avril 2027<\/strong><\/li>\n<\/ul>\n<p><strong>Inscrivez ces dates \u00e0 votre calendrier!<\/strong><\/p>\n<p>De plus amples renseignements, les sujets abord\u00e9s et les informations d\u2019inscription seront annonc\u00e9s prochainement. Restez \u00e0 l\u2019aff\u00fbt !<\/p>\n<hr \/>\n<\/div>\n<\/div>\n<\/div>\n<\/div>\n<\/div>\n<\/div>\n<\/div>\n<\/div>\n<\/div>\n<\/div>\n<\/div>\n<h4>Journ\u00e9e de la Soci\u00e9t\u00e9 canadienne de l&#8217;\u00e9paule et du coude (CSES) dans le cadre de l&#8217;ICSES<\/h4>\n<p>22 septembre, dans le cadre du congr\u00e8s ICSES 2026<br \/>\nCentre des congr\u00e8s Vancouver, salles 221-222<br \/>\nVancouver, Colombie-Britannique<\/p>\n<p>Copr\u00e9sidents du programme: Dr Admin Badre et Dre Dominique Rouleau<\/p>\n<p>Pour consulter le programme, <a href=\"https:\/\/acrobat.adobe.com\/id\/urn:aaid:sc:US:56754a8d-a36f-4c2d-97cb-af8466db1abb\" target=\"_blank\" rel=\"noopener\">cliquez ici.<\/a> Pour en savoir plus sur le congr\u00e8s de l&#8217;ICSES <a href=\"http:\/\/www.icses2026.org\/\" target=\"_blank\" rel=\"noopener\">suivez ce lien<\/a>.<\/p>\n<hr \/>\n<h4>Cours de science fondamentale de l&#8217;ACO <em>(COA Basic Science Course)<\/em><\/h4>\n<p>Les inscriptions sont maintenant ouvertes pour les modules du Cours de sciences fondamentales 2026-2027 ! Le cours est d\u00e9sormais offert en format virtuel de fa\u00e7on permanente et est divis\u00e9 en quatre modules r\u00e9partis sur deux ans.<\/p>\n<div><strong>Les <a href=\"https:\/\/www.xcdsystem.com\/coa\/attendee\/index.cfm?ID=LgVoTUt\" target=\"_blank\" rel=\"noopener\">inscriptions sont maintenant ouvertes<\/a> pour :<\/strong><\/div>\n<ul>\n<li>\n<div>Module 3 (Biom\u00e9canique orthop\u00e9dique) \u2013 Jeudi 22 octobre 2026<\/div>\n<\/li>\n<li>\n<div>Module 4 (N\u00e9oplasie \/ Tumeurs) \u2013 Jeudi 15 avril 2027<\/div>\n<\/li>\n<\/ul>\n<div><strong>Veuillez noter :<\/strong> L\u2019inscription donne acc\u00e8s aux <strong>modules 3 et 4<\/strong>.<\/div>\n<p><strong>Page web :<\/strong> <a href=\"https:\/\/orthobasicscienceacademy.org\/\" target=\"_blank\" rel=\"noopener\">http:\/\/www.orthobasicscienceacademy.org\/<\/a><br \/>\n<strong>Questions :<\/strong> <a href=\"mailto:education@canorth.org\" target=\"_blank\" rel=\"noopener\">education@canorth.org<\/a><\/p>\n<hr \/>\n<h4>R\u00e9union des fellows et des r\u00e9sidents s\u00e9niors de la Soci\u00e9t\u00e9 canadienne du pied et de la cheville (COFAS)<\/h4>\n<p><strong>13 et 14 novembre 2026<\/strong><br \/>\n<strong>Ottawa, Ontario<\/strong><\/p>\n<p>R\u00e9servez ces dates \u00e0 votre agenda ! Plus de d\u00e9tails seront communiqu\u00e9s prochainement.<\/p>\n<hr \/>\n<h4>15e R\u00e9union annuelle 2026 de la Soci\u00e9t\u00e9 canadienne d&#8217;arthroplastie (CAS)<\/h4>\n<p><strong>20 et 21 novembre 2026<\/strong><br \/>\n<strong>H\u00f4tel Sutton Place, Toronto, Ontario<\/strong><\/p>\n<div>\n<p><strong>Appel de pr\u00e9cis \u2013 <\/strong>Nous vous invitons \u00e0 <a href=\"https:\/\/www.xcdsystem.com\/coa\/abstract\/index.cfm?ID=oeHdJ6K\" target=\"_blank\" rel=\"noopener\">soumettre votre pr\u00e9cis<\/a> et \u00e0 consulter <a href=\"https:\/\/acrobat.adobe.com\/id\/urn:aaid:sc:US:7c9cf367-9b38-4a3f-9329-f5e2c4d36558\" target=\"_blank\" rel=\"noopener\">les lignes directrices de soumission<\/a> avant de pr\u00e9senter votre r\u00e9sum\u00e9. <strong>Les soumissions seront accept\u00e9es du 3 ao\u00fbt au 20 septembre.<\/strong><\/p>\n<p>L&#8217;inscription et la r\u00e9servation de l&#8217;h\u00e9bergement ouvriront bient\u00f4t.<\/p>\n<\/div>\n<hr \/>\n<h4>Soci\u00e9t\u00e9 canadienne du pied et de la cheville (COFAS) 2027<\/h4>\n<p><strong>Du 12 au 15 f\u00e9vrier 2027<\/strong><br \/>\n<strong>Lake Louise, Alberta<\/strong><\/p>\n<p>Laboratoire \u00e0 Calgary : 12 f\u00e9vrier 2027<br \/>\nDates du congr\u00e8s \u00e0 Lake Louise : du 12 au 15 f\u00e9vrier 2027<\/p>\n<p>De plus amples renseignements suivront.<\/p>\n\t\t\t\t\t\t\t<\/div><!-- \/.accordion__body richtext-entry -->\r\n\t\t\t\t\t\t<\/div><!-- \/.accordion__section -->\r\n\t\t\t\t\t\t\t\t\t\t\t<div class=\"accordion__section\">\r\n\t\t\t\t\t\t\t<div class=\"accordion__head\">\r\n\t\t\t\t\t\t\t\t<div class=\"accordion__head-wrapper\">\r\n\t\t\t\t\t\t\t\t\t<h6>\r\n\t\t\t\t\t\t\t\t\t\tFormation \u00e0 la demande\t\t\t\t\t\t\t\t\t<\/h6>\r\n\t\t\t\t\t\t\t\t<\/div><!-- \/.accordion__head-wrapper -->\r\n\r\n\t\t\t\t\t\t\t\t<figure class=\"accordion__ico\">\r\n\t\t\t\t\t\t\t\t\t<img decoding=\"async\" src=\"https:\/\/coa-aco.org\/wp-content\/themes\/canadian-orthopaedic-association\/resources\/images\/temp\/dropdown-ico.svg\" alt=\"\">\r\n\t\t\t\t\t\t\t\t<\/figure><!-- \/.accordion__ico -->\r\n\t\t\t\t\t\t\t<\/div><!-- \/.accordion__head -->\r\n\r\n\t\t\t\t\t\t\t<div class=\"accordion__body richtext-entry\">\r\n\t\t\t\t\t\t\t\t<article class=\"w-full text-token-text-primary\" dir=\"auto\" data-testid=\"conversation-turn-4\" data-scroll-anchor=\"true\">\n<div class=\"text-base my-auto mx-auto py-5 px-6\">\n<div class=\"mx-auto flex flex-1 text-base gap-4 md:gap-5 lg:gap-6 md:max-w-3xl group\/turn-messages focus-visible:outline-none\" tabindex=\"-1\">\n<div class=\"group\/conversation-turn relative flex w-full min-w-0 flex-col agent-turn @xs\/thread:px-0 @sm\/thread:px-1.5 @md\/thread:px-4\">\n<div class=\"relative flex-col gap-1 md:gap-3\">\n<div class=\"flex max-w-full flex-col flex-grow\">\n<div class=\"min-h-8 text-message relative flex w-full flex-col items-end gap-2 whitespace-normal break-words text-start [.text-message+&amp;]:mt-5\" dir=\"auto\" data-message-author-role=\"assistant\" data-message-id=\"48c54521-5799-43c2-872c-460f6790f857\" data-message-model-slug=\"gpt-4o-mini\">\n<div class=\"group\/conversation-turn relative flex w-full min-w-0 flex-col agent-turn @xs\/thread:px-0 @sm\/thread:px-1.5 @md\/thread:px-4\">\n<div class=\"relative flex-col gap-1 md:gap-3\">\n<div class=\"flex max-w-full flex-col flex-grow\">\n<div class=\"min-h-8 text-message relative flex w-full flex-col items-end gap-2 whitespace-normal break-words text-start [.text-message+&amp;]:mt-5\" dir=\"auto\" data-message-author-role=\"assistant\" data-message-id=\"48c54521-5799-43c2-872c-460f6790f857\" data-message-model-slug=\"gpt-4o-mini\">\n<div>\n<h4>Webinaire Plan\u00e8te Ortho (COAGS) de l&#8217;ACO:<br \/>\nAu-del\u00e0 des fronti\u00e8res \u2013 Comprendre les soins orthop\u00e9diques en Allemagne et au Royaume-Uni<\/h4>\n<p>D\u00e9couvrez la pratique quotidienne de la chirurgie orthop\u00e9dique dans deux syst\u00e8mes de sant\u00e9 diff\u00e9rents gr\u00e2ce aux t\u00e9moignages de sp\u00e9cialistes sur le terrain.<\/p>\n<div>\n<p>Le Dr Rainer Meffert, chirurgien orthop\u00e9dique traumatologue \u00e0 W\u00fcrzburg, en Allemagne, pr\u00e9sente le quotidien d\u2019un centre de traumatologie de niveau I allemand. De son c\u00f4t\u00e9, la Dre Hui-Ling Kerr, chirurgienne orthop\u00e9dique sp\u00e9cialis\u00e9e en chirurgie de la colonne vert\u00e9brale \u00e0 Gloucestershire, au Royaume-Uni, offre un survol de sa pratique dans le syst\u00e8me de sant\u00e9 britannique.<\/p>\n<p><a href=\"https:\/\/youtu.be\/kIvnUcAeWAw\" target=\"_blank\" rel=\"noopener\"><strong>Visionnez l&#8217;enregistrement<\/strong><\/a><\/p>\n<\/div>\n<p>&nbsp;<\/p>\n<hr \/>\n<h4>Conf\u00e9rence de l&#8217;invit\u00e9 pr\u00e9sidentiel 2026 : Dr Julian Sernik<\/h4>\n<p>Enregistr\u00e9e dans le cadre de la R\u00e9union annuelle 2026 de l\u2019ACO-CORS-CORA, la conf\u00e9rence principale du Dr Julian Sernik, <strong><em>Achetez le lait frapp\u00e9 au chocolat : de petits gestes d\u2019humanit\u00e9 dans une profession de haute performance<\/em><\/strong>, met en lumi\u00e8re l\u2019impact des petits gestes d\u2019humanit\u00e9 en chirurgie orthop\u00e9dique et la fa\u00e7on dont la compassion et les relations humaines peuvent am\u00e9liorer \u00e0 la fois les soins aux patients et l\u2019\u00e9panouissement professionnel.<\/p>\n<div>\n<p><strong><a href=\"https:\/\/youtu.be\/9JqY0F318Jo?si=D8fnVEWdOtMFW_Ci\" target=\"_blank\" rel=\"noopener\">Visionnez l\u2019enregistrement<\/a><\/p>\n<p><\/strong><\/p>\n<\/div>\n<hr \/>\n<h4>Allocution pr\u00e9sidentielle 2026 : Dr Robert B. Litchfield<\/h4>\n<div>\n<div>\n<p>Joignez-vous au pr\u00e9sident entrant de l\u2019Association canadienne d\u2019orthop\u00e9die, le<strong> Dr Robert Litchfield,<\/strong> alors qu\u2019il pr\u00e9sente son allocution pr\u00e9sidentielle lors de la s\u00e9ance Your COA Business Meeting, tenue dans le cadre du Congr\u00e8s annuel 2026 de l\u2019ACO-CORS-CORA le 12 juin 2026. Mettant en valeur la force de la communaut\u00e9 orthop\u00e9dique et les possibilit\u00e9s \u00e0 venir, le Dr Litchfield pr\u00e9sente sa vision pour le prochain chapitre de l\u2019Association canadienne d\u2019orthop\u00e9die.<\/p>\n<p><strong><a href=\"https:\/\/youtu.be\/z1PD2cfQOh4?si=pMvTd-zlpRMzq8kT\">Visionnez l&#8217;enregistrement<\/a><\/strong><\/p>\n<\/div>\n<p>&nbsp;<\/p>\n<hr \/>\n<\/div>\n<h4>Renforcer la r\u00e9silience et rester humain dans la pratique chirurgicale \u2013 Discussion avec les Drs Damian Paton-Gay et Julian Sernik (en anglais)<\/h4>\n<p>S\u2019appuyant sur des exp\u00e9riences concr\u00e8tes, les Drs Paton-Gay et Sernik ont explor\u00e9 comment les chirurgiens peuvent reconna\u00eetre la fatigue et l\u2019\u00e9puisement professionnel, renforcer leur capacit\u00e9 d\u2019adaptation et rester ancr\u00e9s tout en travaillant dans des environnements cliniques \u00e0 haut risque. Discussion anim\u00e9e par le Dr Ted Tufescu, en partenariat avec le <a href=\"https:\/\/healthworkforcewellbeing.ca\/fr\/\" target=\"_blank\" rel=\"noopener\">Plan pour le bien\u2011\u00eatre des effectifs en sant\u00e9 du Canada<\/a> du Coll\u00e8ge royal des m\u00e9decins et chirurgiens du Canada (CRMCC).<\/p>\n<p><strong><a href=\"https:\/\/youtu.be\/t07Z_5z8kzI\" target=\"_blank\" rel=\"noopener\">Lien vers l\u2019enregistrement<\/a><\/strong><\/p>\n<p>&nbsp;<\/p>\n<\/div>\n<div class=\"flex w-full flex-col gap-1 empty:hidden first:pt-[3px]\">\n<div>\n<hr \/>\n<\/div>\n<h4>L&#8217;ACO et la CAS pr\u00e9sentent : Agonistes des r\u00e9cepteurs du GLP\u20111 et je\u00fbne pr\u00e9op\u00e9ratoire \u2013 donn\u00e9es probantes, risques et orientations pratiques <strong><em>(en anglais)<\/em><\/strong><\/h4>\n<p>Avec l\u2019utilisation d\u00e9sormais r\u00e9pandue des agonistes des r\u00e9cepteurs du GLP\u20111 pour la prise en charge du diab\u00e8te et de l\u2019ob\u00e9sit\u00e9, les \u00e9quipes p\u00e9riop\u00e9ratoires font face \u00e0 de nouvelles questions importantes concernant la vidange gastrique, le risque d\u2019aspiration et la n\u00e9cessit\u00e9 d\u2019interrompre ou non ces agents avant une intervention chirurgicale. Ce webinaire pratique, fond\u00e9 sur des cas, apporte des \u00e9claircissements sur un domaine complexe et en rapide \u00e9volution des soins p\u00e9riop\u00e9ratoires en examinant les donn\u00e9es les plus r\u00e9centes et en proposant des recommandations concr\u00e8tes pour la pratique clinique.<\/p>\n<div>\n<p><strong>Conf\u00e9renciers invit\u00e9s :<\/strong> Dr Ronald M. Goldenberg (endocrinologue), Dr Gavin Wood (pr\u00e9sident de la SCA et chirurgien orthop\u00e9diste), Dr Nelson Greidanus (chirurgien orthop\u00e9diste) et Dr Donald Young (anesth\u00e9siologiste).<\/p>\n<p><strong><a href=\"https:\/\/youtu.be\/nbTJiXZ-nbk\" target=\"_blank\" rel=\"noopener\">Lien vers l&#8217;enregistrement<\/a><\/strong><\/p>\n<p>&nbsp;<\/p>\n<hr \/>\n<\/div>\n<h4>Webinaire conjoint ACRO et COTS : Enclouage centrom\u00e9dullaire des fractures du f\u00e9mur et du tibia \u2013 bien faire d\u00e8s la premi\u00e8re fois (en anglais)<\/h4>\n<p>Ce webinaire enregistr\u00e9, fond\u00e9 sur des cas et organis\u00e9 conjointement par l&#8217;ACRO (r\u00e9sidents) et la Soci\u00e9t\u00e9 canadienne d\u2019orthop\u00e9die traumatologique (COTS), propose une discussion d\u2019experts dirig\u00e9e par la pr\u00e9sidente de la COTS, la Dre Prism Schneider. Les Drs Aaron Nauth (Universit\u00e9 de Toronto), Travis Marion (NOSM, Thunder Bay) et Geoffrey Wilkin (Universit\u00e9 d\u2019Ottawa) examinent des cas r\u00e9els de fractures du f\u00e9mur et du tibia, en mettant en lumi\u00e8re les points d\u00e9cisionnels cl\u00e9s, les techniques pratiques et les strat\u00e9gies fond\u00e9es sur les donn\u00e9es probantes pour l\u2019enclouage centrom\u00e9dullaire (ECM). Con\u00e7u pour les r\u00e9sidents, les fellows et les chirurgiens en exercice, ce webinaire favorise une prise en charge pr\u00e9cise et assur\u00e9e de blessures fr\u00e9quentes mais complexes.<\/p>\n<p><strong><a href=\"https:\/\/youtu.be\/aA8c-EOHcFo\" target=\"_blank\" rel=\"noopener\">Lien vers l&#8217;enregistrement<\/a><\/strong><\/p>\n<p>&nbsp;<\/p>\n<div>\n<hr \/>\n<\/div>\n<\/div>\n<\/div>\n<\/div>\n<div class=\"flex max-w-full flex-col flex-grow\">\n<div class=\"min-h-8 text-message relative flex w-full flex-col items-end gap-2 whitespace-normal break-words text-start [.text-message+&amp;]:mt-5\" dir=\"auto\" data-message-author-role=\"assistant\" data-message-id=\"48c54521-5799-43c2-872c-460f6790f857\" data-message-model-slug=\"gpt-4o-mini\">\n<div class=\"flex w-full flex-col gap-1 empty:hidden first:pt-[3px]\">\n<h4><strong>Cours sur les Fondamentaux de l\u2019Arthroplastie pour les R\u00e9sidents \u2013<em> Arthroplastie de la Hanche (en anglais)<\/em><\/strong><\/h4>\n<p>Ce cours virtuel en deux volets offre une introduction didactique et interactive \u00e0 l\u2019arthroplastie totale de la hanche, tant primaire que de r\u00e9vision. Anim\u00e9e par des experts en arthroplastie du membre inf\u00e9rieur provenant de partout au Canada, chaque s\u00e9ance de 90 minutes couvre les principes essentiels et comprend des discussions bas\u00e9es sur des cas cliniques.<\/p>\n<p><strong>Liens vers la <a href=\"https:\/\/youtu.be\/5n3RCgHI4dY\" target=\"_blank\" rel=\"noopener\">Partie 1<\/a> &amp; <a href=\"https:\/\/youtu.be\/gUogANH2gUc\" target=\"_blank\" rel=\"noopener\">Partie 2<\/a><\/strong><\/p>\n<hr \/>\n<h4>W\u00e9binaire du Comit\u00e9 Plan\u00e8te ortho de l&#8217;ACO (POACO): <em>Pratique orthop\u00e9dique en zones \u00e0 ressources limit\u00e9es \u2014 D\u00e9fis et solutions\u00a0<\/em><em>(en anglais)<\/em><\/h4>\n<p>Ce webinaire met en lumi\u00e8re les d\u00e9fis auxquels sont confront\u00e9s nos coll\u00e8gues en orthop\u00e9die travaillant dans des environnements \u00e0 faibles ressources et offre aux chirurgiens orthop\u00e9distes canadiens une compr\u00e9hension claire de la mani\u00e8re dont ils peuvent collaborer efficacement pour contribuer \u00e0 des solutions durables.<\/p>\n<p><strong><a href=\"https:\/\/www.youtube.com\/watch?v=Noc_SGje2bY\" target=\"_blank\" rel=\"noopener\">Visionnez l&#8217;enregistrement ici<\/a><\/strong><\/p>\n<hr \/>\n<h4>Webinaire : Traitement Antibiotique Oral pour les Infections des Proth\u00e8ses Articulaires <em>(en anglais)<\/em><\/h4>\n<p>Rejoignez l&#8217;Association de Microbiologie M\u00e9dicale et des Maladies Infectieuses Canada (AMMI Canada) et l&#8217;Association Canadienne d&#8217;Orthop\u00e9die (COA) ainsi que la Soci\u00e9t\u00e9 Canadienne de l&#8217;Arthroplastie (CAS) pour une session perspicace comparant les traitements intraveineux traditionnels des infections osseuses et articulaires bact\u00e9riennes, y compris les infections des proth\u00e8ses articulaires, avec les derni\u00e8res preuves sur l&#8217;efficacit\u00e9 de la th\u00e9rapie antibiotique orale.<\/p>\n<p><a href=\"https:\/\/youtu.be\/n0gv2hqRr8I?feature=shared\" target=\"_blank\" rel=\"noopener\"><strong>Visionnez l&#8217;engistrement ici<\/strong><\/a><\/p>\n<hr \/>\n<h4>Webinaire : S\u00e9curit\u00e9 des patients et chirurgie orthop\u00e9dique le jour m\u00eame <em>(en anglais)<\/em><\/h4>\n<p>En partenariat avec Excellence en sant\u00e9 Canada, Choisir avec soin Canada et l&#8217;Association canadienne de m\u00e9decine physique et de r\u00e9adaptation, nous sommes ravis d&#8217;accueillir une discussion sur le th\u00e8me de la chirurgie le jour m\u00eame sous l&#8217;angle de la s\u00e9curit\u00e9 des patients.<\/p>\n<p><strong><a href=\"https:\/\/youtu.be\/RbyEmXggOPA?feature=shared\" target=\"_blank\" rel=\"noopener\">Visionnez l&#8217;engistrement ici<\/a><\/strong><\/p>\n<hr \/>\n<h4>L&#8217;ACRO pr\u00e9sente : Obtenir un emploi apr\u00e8s la r\u00e9sidence &#8211; Une discussion informelle avec la ligne pr\u00e9sidentielle de l&#8217;ACO <em>(en anglais)<\/em><\/h4>\n<p>Organis\u00e9 par les copr\u00e9sidents de l&#8217;ACRO, les docteurs Allison Loewen et Malik Ali de l&#8217;Universit\u00e9 Dalhousie, cette s\u00e9ance virtuelle\u00a0a offert aux r\u00e9sidents de tout le Canada une occasion unique d&#8217;obtenir des renseignements pr\u00e9cieux de la part des membres de la ligne pr\u00e9sidentielle de l&#8217;ACO (les docteurs Femi Ayeni, Sukhdeep Dulai et Laurie Hiemstra), sur la transition entre la r\u00e9sidence et la pratique professionnelle.<\/p>\n<p><strong><a href=\"https:\/\/www.youtube.com\/watch?v=NBMleG8OMXg\" target=\"_blank\" rel=\"noopener\">Visionnez l&#8217;engistrement ici<\/a><\/strong><\/p>\n<hr \/>\n<h4>Webinaire de l&#8217;ACO sur la Durabilit\u00e9 et la sant\u00e9 plan\u00e9taire<em> (en fran\u00e7ais)<\/em><\/h4>\n<p>En partenariat avec Choisir avec soin (choosingwiselycanada.org), l&#8217;ACO pr\u00e9sente une possibilit\u00e9 d&#8217;apprentissage virtuel agr\u00e9\u00e9e intitul\u00e9e \u00ab Durabilit\u00e9 et la sant\u00e9 plan\u00e9taire \u00bb.<\/p>\n<p><strong><a href=\"https:\/\/youtu.be\/J2FjIQlx7wA?si=P-aCI94EB_IAj9fh\" target=\"_blank\" rel=\"noopener\">Visionnez l&#8217;enregistrement ici<\/a><\/strong><\/p>\n<hr \/>\n<h4>L&#8217;ACO et Choisir avec soin vous pr\u00e9sentent: Gestion environnementale en salle de chirurgie orthop\u00e9dique <em>(en anglais)<\/em><\/h4>\n<p>En partenariat avec Choisir avec soin (choosingwiselycanada.org), l&#8217;ACO a fi\u00e8rement pr\u00e9sent\u00e9 une possibilit\u00e9 d&#8217;apprentissage virtuel agr\u00e9\u00e9e le 8 f\u00e9vrier. Ce webinaire interactif de 90 minutes a compris une foule d\u2019activit\u00e9s et de discussions et a \u00e9t\u00e9 anim\u00e9 par la Dre Tara Klassen.<\/p>\n<p><strong><a href=\"https:\/\/youtu.be\/poV77EOaBLY?si=_ptVZbwpL2wuMGIj\" target=\"_blank\" rel=\"noopener\">Visionnez l&#8217;enregistrement ici<\/a><\/strong><\/p>\n<hr \/>\n<h4>Processus de mise en \u0153uvre et r\u00e9sultats de la chirurgie d\u2019un jour <em>(en anglais)<\/em><\/h4>\n<p><strong><a href=\"https:\/\/youtu.be\/VG2CMZNzYc0?si=Nr4EQc0xPUVdwbhR\" target=\"_blank\" rel=\"noopener\">Visionnez l&#8217;enregistrement ici<\/a><\/strong><\/p>\n<p>&nbsp;<\/p>\n<\/div>\n<\/div>\n<\/div>\n<\/div>\n<\/div>\n<\/div>\n<\/div>\n<\/div>\n<\/div>\n<\/div>\n<\/div>\n<\/article>\n\t\t\t\t\t\t\t<\/div><!-- \/.accordion__body richtext-entry -->\r\n\t\t\t\t\t\t<\/div><!-- \/.accordion__section -->\r\n\t\t\t\t\t\t\t\t\t\t\t<div class=\"accordion__section\">\r\n\t\t\t\t\t\t\t<div class=\"accordion__head\">\r\n\t\t\t\t\t\t\t\t<div class=\"accordion__head-wrapper\">\r\n\t\t\t\t\t\t\t\t\t<h6>\r\n\t\t\t\t\t\t\t\t\t\t\u00c9v\u00e9nements des organisations affili\u00e9es\t\t\t\t\t\t\t\t\t<\/h6>\r\n\t\t\t\t\t\t\t\t<\/div><!-- \/.accordion__head-wrapper -->\r\n\r\n\t\t\t\t\t\t\t\t<figure class=\"accordion__ico\">\r\n\t\t\t\t\t\t\t\t\t<img decoding=\"async\" src=\"https:\/\/coa-aco.org\/wp-content\/themes\/canadian-orthopaedic-association\/resources\/images\/temp\/dropdown-ico.svg\" alt=\"\">\r\n\t\t\t\t\t\t\t\t<\/figure><!-- \/.accordion__ico -->\r\n\t\t\t\t\t\t\t<\/div><!-- \/.accordion__head -->\r\n\r\n\t\t\t\t\t\t\t<div class=\"accordion__body richtext-entry\">\r\n\t\t\t\t\t\t\t\t<h3><!--StartFragment --><\/h3>\n<h4>Joignez-vous \u00e0 l&#8217;Orchestre des m\u00e9decins du Canada<\/h4>\n<p>L&#8217;Orchestre des m\u00e9decins du Canada invite les m\u00e9decins, r\u00e9sidents, \u00e9tudiants en m\u00e9decine et autres professionnel\u00b7le\u00b7s de la sant\u00e9 qui jouent d\u2019un instrument d\u2019orchestre \u00e0 se joindre \u00e0 son r\u00e9seau national de musicien\u00b7ne\u00b7s du milieu de la sant\u00e9.<\/p>\n<div>\n<p>Les participant\u00b7e\u00b7s re\u00e7oivent les partitions plusieurs mois \u00e0 l\u2019avance afin de se pr\u00e9parer individuellement, avant de se rassembler pour une fin de semaine de r\u00e9p\u00e9titions se concluant par un concert-b\u00e9n\u00e9fice. Leur concert inaugural aura lieu en d\u00e9cembre \u00e0 Victoria, en Colombie-Britannique, et tous les profits seront vers\u00e9s \u00e0 des organismes de bienfaisance li\u00e9s aux soins de sant\u00e9.<\/p>\n<p>Le CDO vise \u00e0 favoriser la communaut\u00e9, la cr\u00e9ativit\u00e9 et le bien-\u00eatre des professionnel\u00b7le\u00b7s de la sant\u00e9 \u00e0 travers le Canada par la musique.<\/p>\n<p><strong>Pour en savoir plus ou pour vous inscrire :\u00a0<\/strong><strong><a href=\"http:\/\/www.canadiandoctorsorchestra.ca\/\" target=\"_blank\" rel=\"noopener\">www.canadiandoctorsorchestra.ca<\/a><\/strong><\/p>\n<p><strong>Faites un don<\/strong> \u00e0 la campagne de financement en <a href=\"https:\/\/www.zeffy.com\/en-CA\/donation-form\/donate-to-change-lives-14210?utm_source=ig&amp;utm_medium=social&amp;utm_content=link_in_bio&amp;fbclid=PAdGRleATLquVwZG9mAmV4dG4DYWVtAjExAHNydGMGYXBwX2lkDzEyNDAyNDU3NDI4NzQxNAABpz1uSZ6wlUegfW98bKE9ZQp3tv0VeDAzMvdvs8Xc3JEAopJm9AoMQaJyeC5P_aem_eklvEHAb2bKH9qKM19tK0Q\" target=\"_blank\" rel=\"noopener\">cliquant ici.\u00a0<\/a><\/p>\n<p>&nbsp;<\/p>\n<\/div>\n<hr \/>\n<h4>Personalized Arthroplasty Society \u2013 Session scientifique et r\u00e9union annuelle 2026<\/h4>\n<p><strong>10 au 12 septembre 2026<\/strong><br \/>\n<strong>Montr\u00e9al, Qu\u00e9bec<\/strong><\/p>\n<p>Cette rencontre r\u00e9unit des chirurgiens de premier plan, des ing\u00e9nieurs et des innovateurs de l\u2019industrie provenant du monde entier afin de faire progresser l\u2019arthroplastie personnalis\u00e9e de la hanche et du genou. Gr\u00e2ce \u00e0 des pr\u00e9sentations d\u2019experts et \u00e0 des discussions ouvertes, le programme explore l\u2019\u00e9volution des approches li\u00e9es aux techniques chirurgicales, \u00e0 la conception des implants et \u00e0 la prise en charge des d\u00e9formations complexes.<\/p>\n<p>Les participants b\u00e9n\u00e9ficieront d\u2019un aper\u00e7u des nombreuses perspectives qui fa\u00e7onnent la chirurgie personnalis\u00e9e de la hanche et du genou, tout en examinant comment les technologies \u00e9mergentes et les strat\u00e9gies cliniques transforment ce domaine.<\/p>\n<p>Alors que l\u2019arthroplastie continue de passer de m\u00e9thodes standardis\u00e9es \u00e0 des approches plus individualis\u00e9es et fond\u00e9es sur la physiologie, cette rencontre offre une occasion de dialoguer avec la communaut\u00e9 internationale qui m\u00e8ne ce changement.<\/p>\n<p>Pour plus d&#8217;information, <a href=\"https:\/\/personalizedarthroplasty.org\/\" target=\"_blank\" rel=\"noopener\">cliquez ici.<\/a><\/p>\n<hr \/>\n<h4>Congr\u00e8s du International Society for Technology in Arthroplasty (ISTA)<\/h4>\n<p><strong>15 au 18 septembre 2026<\/strong><br \/>\n<strong>Munich, Allemagne<\/strong><\/p>\n<p>Le prochain <strong>Congr\u00e8s ISTA Munich 2026<\/strong> r\u00e9unira des experts de premier plan en arthroplastie et proposera un programme scientifique de grande qualit\u00e9, d\u2019excellentes occasions de r\u00e9seautage ainsi que des \u00e9changes enrichissants sur les plus r\u00e9centes avanc\u00e9es dans le domaine de l\u2019arthroplastie.<\/p>\n<div>\n<p>Pour obtenir plus d\u2019informations ou pour vous inscrire, <a href=\"https:\/\/istaonline.org\/meetings\/ista-2026-annual-congress\/registration\/\" target=\"_blank\" rel=\"noopener\">cliquez ici<\/a>.<\/p>\n<hr \/>\n<\/div>\n<h4>Canadian Surgery Forum (CSF)<\/h4>\n<p><strong>16 au 19 septembre 2026<\/strong><br \/>\n<strong>Halifax, Nouvelle-\u00c9cosse<\/strong><\/p>\n<p>Suivez ce lien <a href=\"https:\/\/www.canadiansurgeryforum.com\/\" target=\"_blank\" rel=\"noopener\">pour plus d&#8217;information.<\/a><\/p>\n<hr \/>\n<h4>7e Symposium biennal sur le genou de la capitale nationale (Universit\u00e9 d&#8217;Ottawa)<\/h4>\n<p><strong>17 et 18 septembre 2026<\/strong><br \/>\n<strong>Ottawa, Ontario<\/strong><\/p>\n<p>Ce symposium complet abordera l\u2019ensemble du spectre de la chirurgie du genou, allant de l\u2019arthroscopie \u00e0 la pr\u00e9servation articulaire, jusqu\u2019aux arthroplasties unicompartimentales et totales. Les s\u00e9ances mettront l\u2019accent sur la prise de d\u00e9cision gr\u00e2ce \u00e0 des pr\u00e9sentations bas\u00e9es sur des cas, des discussions en panel, des d\u00e9bats sur des sujets controvers\u00e9s et l\u2019examen de complications. Diverses d\u00e9monstrations seront r\u00e9alis\u00e9es par les membres du corps professoral, incluant des s\u00e9ances d\u2019\u00e9chographie. Les aspects non op\u00e9ratoires et de r\u00e9adaptation de la plupart de ces conditions seront int\u00e9gr\u00e9s aux discussions. Cela pr\u00e9sentera un int\u00e9r\u00eat particulier pour les m\u00e9decins g\u00e9n\u00e9ralistes, physioth\u00e9rapeutes et entra\u00eeneurs sportifs.<\/p>\n<p>Les h\u00e9bergements peuvent \u00eatre r\u00e9serv\u00e9s \u00e0 l&#8217;aide de <a href=\"https:\/\/uottawaortho.us3.list-manage.com\/track\/click?u=832485feb6f8f9b5007f27310&amp;id=62d9dfc0d1&amp;e=3e7339d4c0\" target=\"_blank\" rel=\"noopener\">ce lien<\/a>. Consultez les d\u00e9tails de l&#8217;\u00e9v\u00e9nement <a href=\"https:\/\/uottawacpd.eventsair.com\/QuickEventWebsitePortal\/knee2026\/info\" target=\"_blank\" rel=\"noopener\">ici<\/a>.<\/p>\n<hr \/>\n<h4>16e Congr\u00e8s international sur la chirurgie de l\u2019\u00e9paule et du coude (ICSES 2026)<\/h4>\n<p><strong>22 au 25 septembre 2026<\/strong><br \/>\n<strong>Vancouver, Colombie-Britannique<\/strong><\/p>\n<p>Le congr\u00e8s 2026 r\u00e9unira des experts mondiaux dans le domaine de la chirurgie de l\u2019\u00e9paule et du coude pour partager et discuter des questions scientifiques, des r\u00e9alisations, des enjeux et des d\u00e9fis li\u00e9s \u00e0 la discipline. Des d\u00e9l\u00e9gu\u00e9s du monde entier se retrouveront pour \u00e9changer de nouvelles id\u00e9es, \u00e9tablir et renouveler des liens, r\u00e9seauter et collaborer sur des projets futurs.<\/p>\n<p><a href=\"https:\/\/icses2026.org\" target=\"_blank\" rel=\"noopener\">https:\/\/icses2026.org<\/a><\/p>\n<hr \/>\n<h4>MedCycles: Tendances r\u00e9centes en orthop\u00e9die<\/h4>\n<p><strong>27 septembre au 3 octobre 2026<\/strong><br \/>\n<strong>Alsace, France<\/strong><\/p>\n<p>Cet \u00e9v\u00e9nement est devenu le symbole d\u2019une combinaison rare et exceptionnelle de formation m\u00e9dicale continue de pointe et d\u2019exp\u00e9riences soigneusement \u00e9labor\u00e9es. Les parcours cyclistes emprunteront principalement des voies panoramiques r\u00e9serv\u00e9es aux cyclistes qui serpentent \u00e0 travers les c\u00e9l\u00e8bres vignobles d\u2019Alsace, ainsi que certains tron\u00e7ons de la l\u00e9gendaire <strong>Route des Vins d\u2019Alsace<\/strong>, reliant quelques-unes des plus belles villes de la r\u00e9gion.<\/p>\n<div>\n<p>Pour en savoir plus, <a href=\"https:\/\/artsandtravel.com\/medcyclesalsace-welcome\/\" target=\"_blank\" rel=\"noopener\"><strong>cliquez ici<\/strong>.<\/a><\/p>\n<hr \/>\n<\/div>\n<h4><strong>Association orthop\u00e9dique Juan de Fuca : <\/strong><strong>Fondements de l\u2019orthop\u00e9die \u2013 perspectives et innovations pour les chirurgiens orthop\u00e9distes en milieu communautaire<\/strong><\/h4>\n<div>\n<p><strong>17 octobre 2026<\/strong><br \/>\n<strong>Delta Victoria Ocean Pointe Resort<\/strong><br \/>\n<strong>Victoria (Colombie-Britannique)<\/strong><\/p>\n<p>Cette conf\u00e9rence offrira des perspectives pr\u00e9cieuses et pr\u00e9sentera les plus r\u00e9centes avanc\u00e9es en soins orthop\u00e9diques, tout en proposant une occasion d\u2019apprentissage, de r\u00e9seautage et de d\u00e9veloppement professionnel dans un cadre exceptionnel en bord de mer.<\/p>\n<p>Public cible : chirurgiens orthop\u00e9distes, r\u00e9sidents, infirmi\u00e8res et infirmiers, physioth\u00e9rapeutes, ergoth\u00e9rapeutes, m\u00e9decins de famille<\/p>\n<p><strong>Pour plus d\u2019information :<\/strong> <a href=\"www.jdfortho.ca\" target=\"_blank\" rel=\"noopener\">www.jdfortho.ca<\/a><\/p>\n<\/div>\n<hr \/>\n<h4>R\u00e9union scientifique annuelle de la New Zealand Orthopaedic Association<\/h4>\n<p><strong>18 au 20 octobre 2026<\/strong><br \/>\n<strong>Te Papa, Wellington, Nouvelle-Z\u00e9lande<\/strong><\/p>\n<div><a href=\"https:\/\/www.nzoa.org.nz\/calendar\" target=\"_blank\" rel=\"noopener\">https:\/\/www.nzoa.org.nz\/calendar<\/a><\/div>\n<div>\n<hr \/>\n<\/div>\n<h4>Conf\u00e9rence internationale sur la formation en r\u00e9sidence (ICRE)<\/h4>\n<p><strong>22 au 24 octobre 2026<\/strong><br \/>\n<strong>Ottawa, Canada<\/strong><\/p>\n<p>La Conf\u00e9rence internationale sur la formation en r\u00e9sidence (CIFR) est la plus grande conf\u00e9rence au monde consacr\u00e9e exclusivement \u00e0 l\u2019avancement de la formation en r\u00e9sidence.<\/p>\n<p>Chaque ann\u00e9e, la CIFR propose un programme diversifi\u00e9 et inspirant, con\u00e7u pour favoriser le perfectionnement professionnel des personnes engag\u00e9es dans l\u2019enseignement m\u00e9dical et\/ou les soins de sant\u00e9.<\/p>\n<p><a href=\"https:\/\/coa-aco.org\/wp-content\/uploads\/2026\/01\/2025_ICRE_ProgramPDF_ENG.pdf\" target=\"_blank\" rel=\"noopener\">Programme ICRE<\/a><\/p>\n<hr \/>\n<h4>6e Conf\u00e9rence internationale sur l\u2019arthroplastie et la chirurgie orthop\u00e9dique<\/h4>\n<p><strong>4 et 5 novembre 2026<\/strong><br \/>\n<strong>Duba\u00ef, \u00c9mirats arabes unis<\/strong><\/p>\n<p>La conf\u00e9rence vise \u00e0 r\u00e9unir des chirurgiens orthop\u00e9distes, des chercheurs et des professionnels de sant\u00e9 du monde entier afin de discuter des avanc\u00e9es r\u00e9centes, des pratiques cliniques et des d\u00e9veloppements de la recherche en arthroplastie et en chirurgie orthop\u00e9dique.<\/p>\n<p><a href=\"https:\/\/www.arthroplasty.scientexconference.com\/\" target=\"_blank\" rel=\"noopener\">https:\/\/www.arthroplasty.scientexconference.com\/<\/a><\/p>\n<p>&nbsp;<\/p>\n\t\t\t\t\t\t\t<\/div><!-- \/.accordion__body richtext-entry -->\r\n\t\t\t\t\t\t<\/div><!-- \/.accordion__section -->\r\n\t\t\t\t\t\t\t\t\t\t\t<div class=\"accordion__section\">\r\n\t\t\t\t\t\t\t<div class=\"accordion__head\">\r\n\t\t\t\t\t\t\t\t<div class=\"accordion__head-wrapper\">\r\n\t\t\t\t\t\t\t\t\t<h6>\r\n\t\t\t\t\t\t\t\t\t\tNous contacter\t\t\t\t\t\t\t\t\t<\/h6>\r\n\t\t\t\t\t\t\t\t<\/div><!-- \/.accordion__head-wrapper -->\r\n\r\n\t\t\t\t\t\t\t\t<figure class=\"accordion__ico\">\r\n\t\t\t\t\t\t\t\t\t<img decoding=\"async\" src=\"https:\/\/coa-aco.org\/wp-content\/themes\/canadian-orthopaedic-association\/resources\/images\/temp\/dropdown-ico.svg\" alt=\"\">\r\n\t\t\t\t\t\t\t\t<\/figure><!-- \/.accordion__ico -->\r\n\t\t\t\t\t\t\t<\/div><!-- \/.accordion__head -->\r\n\r\n\t\t\t\t\t\t\t<div class=\"accordion__body richtext-entry\">\r\n\t\t\t\t\t\t\t\t<p>Votre centre, organization ou entreprise offre-t-elle un cours, une conf\u00e9rence ou toute autre activit\u00e9 qui pourrait int\u00e9resser nos membres? Partagez-les dans le calendrier de l\u2019ACO et dans ses comptes sur les r\u00e9seaux sociaux.<\/p>\n<p>Toutes les soumissions sont assujetties \u00e0 des frais et conditionnelles \u00e0 l\u2019examen et \u00e0 l\u2019approbation de l\u2019ACO.<\/p>\n<p><a class=\"maxbutton-3 maxbutton maxbutton-elp-apply-now\" href=\"https:\/\/coa-aco.org\/wp-content\/uploads\/2023\/08\/COA-Events-Calendar-Guidelines-2023-Fre-1.pdf\"><span class='mb-text'>Directives<\/span><\/a> <a class=\"maxbutton-3 maxbutton maxbutton-elp-apply-now\" href=\"https:\/\/www.xcdsystem.com\/coa\/forms\/index.cfm?ID=8NrUNRs\"><span class='mb-text'>Soumettre une activit\u00e9<\/span><\/a><\/p>\n<p>Pour inscrire votre activit\u00e9 au calendrier en ligne, communiquez avec <a href=\"mailto:info@canorth.org\">info@canorth.org<\/a>\u00a0ou 514-<span role=\"link\" aria-label=\"Call phone number (514) 874-9003\">874-9003, poste 1.\u00a0<\/span><\/p>\n\t\t\t\t\t\t\t<\/div><!-- \/.accordion__body richtext-entry -->\r\n\t\t\t\t\t\t<\/div><!-- \/.accordion__section -->\r\n\t\t\t\t\t\t\t\t\t<\/div><!-- \/.accordion -->\r\n\t\t\t<\/div><!-- \/.grid__col grid__col-\/-2of3 -->\r\n\r\n\t\t\t\t\t\t\t<div class=\"grid__col grid__col--1of3\">\r\n\t\t\t\t\t<div class=\"entry\">\r\n\t\t\t\t\t\t<div class=\"enrty__body\">\r\n\t\t\t\t\t\t\t<h2>\u00c9v\u00e9nements \u00e0 venir<\/h2>\n<p><a href=\"https:\/\/coa-aco.org\/wp-content\/uploads\/2023\/05\/AdobeStock_322271735-scaled.jpeg\"><img loading=\"lazy\" decoding=\"async\" class=\"alignleft size-medium wp-image-3812\" src=\"https:\/\/coa-aco.org\/wp-content\/uploads\/2023\/05\/AdobeStock_322271735-300x200.jpeg\" alt=\"\" width=\"300\" height=\"200\" srcset=\"https:\/\/coa-aco.org\/wp-content\/uploads\/2023\/05\/AdobeStock_322271735-300x200.jpeg 300w, https:\/\/coa-aco.org\/wp-content\/uploads\/2023\/05\/AdobeStock_322271735-1024x683.jpeg 1024w, https:\/\/coa-aco.org\/wp-content\/uploads\/2023\/05\/AdobeStock_322271735-768x512.jpeg 768w, https:\/\/coa-aco.org\/wp-content\/uploads\/2023\/05\/AdobeStock_322271735-1536x1024.jpeg 1536w, https:\/\/coa-aco.org\/wp-content\/uploads\/2023\/05\/AdobeStock_322271735-2048x1365.jpeg 2048w, https:\/\/coa-aco.org\/wp-content\/uploads\/2023\/05\/AdobeStock_322271735-1920x1280.jpeg 1920w\" sizes=\"auto, (max-width: 300px) 100vw, 300px\" \/><\/a><\/p>\n\t\t\t\t\t\t<\/div><!-- \/.enrty__body -->\r\n\t\t\t\t\t<\/div><!-- \/.entry -->\r\n\t\t\t\t<\/div><!-- \/.grid__col grid__col-\/-1of3 -->\r\n\t\t\t\t\t<\/div><!-- \/.grid grid-\/-reversed -->\r\n\t<\/div><!-- \/.shell -->\r\n<\/section><!-- \/.section section-\/-white -->\r\n","protected":false},"excerpt":{"rendered":"","protected":false},"author":1,"featured_media":0,"parent":3830,"menu_order":0,"comment_status":"closed","ping_status":"closed","template":"","meta":{"om_disable_all_campaigns":false,"_monsterinsights_skip_tracking":false,"_uf_show_specific_survey":0,"_uf_disable_surveys":false,"footnotes":""},"class_list":["post-3738","page","type-page","status-publish","hentry"],"acf":[],"aioseo_notices":[],"yoast_head":"<!-- This site is optimized with the Yoast SEO plugin v23.3 - https:\/\/yoast.com\/wordpress\/plugins\/seo\/ -->\n<title>\u00c9v\u00e9nements - Association Canadienne d&#039;Orthop\u00e9die<\/title>\n<meta name=\"robots\" content=\"index, follow, max-snippet:-1, max-image-preview:large, max-video-preview:-1\" \/>\n<link rel=\"canonical\" href=\"https:\/\/coa-aco.org\/fr\/education-et-pratique\/event-calendar\/\" \/>\n<meta property=\"og:locale\" content=\"fr_FR\" \/>\n<meta property=\"og:type\" content=\"article\" \/>\n<meta property=\"og:title\" content=\"\u00c9v\u00e9nements - Association Canadienne d&#039;Orthop\u00e9die\" \/>\n<meta property=\"og:url\" content=\"https:\/\/coa-aco.org\/fr\/education-et-pratique\/event-calendar\/\" \/>\n<meta property=\"og:site_name\" content=\"Association Canadienne d&#039;Orthop\u00e9die\" \/>\n<meta property=\"article:modified_time\" content=\"2026-08-26T18:09:44+00:00\" \/>\n<meta name=\"twitter:card\" content=\"summary_large_image\" \/>\n<script type=\"application\/ld+json\" class=\"yoast-schema-graph\">{\"@context\":\"https:\/\/schema.org\",\"@graph\":[{\"@type\":\"WebPage\",\"@id\":\"https:\/\/coa-aco.org\/fr\/education-et-pratique\/event-calendar\/\",\"url\":\"https:\/\/coa-aco.org\/fr\/education-et-pratique\/event-calendar\/\",\"name\":\"\u00c9v\u00e9nements - Association Canadienne d'Orthop\u00e9die\",\"isPartOf\":{\"@id\":\"https:\/\/coa-aco.org\/#website\"},\"datePublished\":\"2023-05-23T21:23:00+00:00\",\"dateModified\":\"2026-08-26T18:09:44+00:00\",\"breadcrumb\":{\"@id\":\"https:\/\/coa-aco.org\/fr\/education-et-pratique\/event-calendar\/#breadcrumb\"},\"inLanguage\":\"fr-FR\",\"potentialAction\":[{\"@type\":\"ReadAction\",\"target\":[\"https:\/\/coa-aco.org\/fr\/education-et-pratique\/event-calendar\/\"]}]},{\"@type\":\"BreadcrumbList\",\"@id\":\"https:\/\/coa-aco.org\/fr\/education-et-pratique\/event-calendar\/#breadcrumb\",\"itemListElement\":[{\"@type\":\"ListItem\",\"position\":1,\"name\":\"Home\",\"item\":\"https:\/\/coa-aco.org\/fr\/\"},{\"@type\":\"ListItem\",\"position\":2,\"name\":\"\u00c9ducation et pratique\",\"item\":\"https:\/\/coa-aco.org\/fr\/education-et-pratique\/\"},{\"@type\":\"ListItem\",\"position\":3,\"name\":\"\u00c9v\u00e9nements\"}]},{\"@type\":\"WebSite\",\"@id\":\"https:\/\/coa-aco.org\/#website\",\"url\":\"https:\/\/coa-aco.org\/\",\"name\":\"Association Canadienne d'Orthop\u00e9die\",\"description\":\"\",\"potentialAction\":[{\"@type\":\"SearchAction\",\"target\":{\"@type\":\"EntryPoint\",\"urlTemplate\":\"https:\/\/coa-aco.org\/?s={search_term_string}\"},\"query-input\":\"required name=search_term_string\"}],\"inLanguage\":\"fr-FR\"}]}<\/script>\n<!-- \/ Yoast SEO plugin. -->","yoast_head_json":{"title":"\u00c9v\u00e9nements - Association Canadienne d'Orthop\u00e9die","robots":{"index":"index","follow":"follow","max-snippet":"max-snippet:-1","max-image-preview":"max-image-preview:large","max-video-preview":"max-video-preview:-1"},"canonical":"https:\/\/coa-aco.org\/fr\/education-et-pratique\/event-calendar\/","og_locale":"fr_FR","og_type":"article","og_title":"\u00c9v\u00e9nements - Association Canadienne d'Orthop\u00e9die","og_url":"https:\/\/coa-aco.org\/fr\/education-et-pratique\/event-calendar\/","og_site_name":"Association Canadienne d'Orthop\u00e9die","article_modified_time":"2026-08-26T18:09:44+00:00","twitter_card":"summary_large_image","schema":{"@context":"https:\/\/schema.org","@graph":[{"@type":"WebPage","@id":"https:\/\/coa-aco.org\/fr\/education-et-pratique\/event-calendar\/","url":"https:\/\/coa-aco.org\/fr\/education-et-pratique\/event-calendar\/","name":"\u00c9v\u00e9nements - Association Canadienne d'Orthop\u00e9die","isPartOf":{"@id":"https:\/\/coa-aco.org\/#website"},"datePublished":"2023-05-23T21:23:00+00:00","dateModified":"2026-08-26T18:09:44+00:00","breadcrumb":{"@id":"https:\/\/coa-aco.org\/fr\/education-et-pratique\/event-calendar\/#breadcrumb"},"inLanguage":"fr-FR","potentialAction":[{"@type":"ReadAction","target":["https:\/\/coa-aco.org\/fr\/education-et-pratique\/event-calendar\/"]}]},{"@type":"BreadcrumbList","@id":"https:\/\/coa-aco.org\/fr\/education-et-pratique\/event-calendar\/#breadcrumb","itemListElement":[{"@type":"ListItem","position":1,"name":"Home","item":"https:\/\/coa-aco.org\/fr\/"},{"@type":"ListItem","position":2,"name":"\u00c9ducation et pratique","item":"https:\/\/coa-aco.org\/fr\/education-et-pratique\/"},{"@type":"ListItem","position":3,"name":"\u00c9v\u00e9nements"}]},{"@type":"WebSite","@id":"https:\/\/coa-aco.org\/#website","url":"https:\/\/coa-aco.org\/","name":"Association Canadienne d'Orthop\u00e9die","description":"","potentialAction":[{"@type":"SearchAction","target":{"@type":"EntryPoint","urlTemplate":"https:\/\/coa-aco.org\/?s={search_term_string}"},"query-input":"required name=search_term_string"}],"inLanguage":"fr-FR"}]}},"_links":{"self":[{"href":"https:\/\/coa-aco.org\/fr\/wp-json\/wp\/v2\/pages\/3738","targetHints":{"allow":["GET"]}}],"collection":[{"href":"https:\/\/coa-aco.org\/fr\/wp-json\/wp\/v2\/pages"}],"about":[{"href":"https:\/\/coa-aco.org\/fr\/wp-json\/wp\/v2\/types\/page"}],"author":[{"embeddable":true,"href":"https:\/\/coa-aco.org\/fr\/wp-json\/wp\/v2\/users\/1"}],"replies":[{"embeddable":true,"href":"https:\/\/coa-aco.org\/fr\/wp-json\/wp\/v2\/comments?post=3738"}],"version-history":[{"count":56,"href":"https:\/\/coa-aco.org\/fr\/wp-json\/wp\/v2\/pages\/3738\/revisions"}],"predecessor-version":[{"id":10705,"href":"https:\/\/coa-aco.org\/fr\/wp-json\/wp\/v2\/pages\/3738\/revisions\/10705"}],"up":[{"embeddable":true,"href":"https:\/\/coa-aco.org\/fr\/wp-json\/wp\/v2\/pages\/3830"}],"wp:attachment":[{"href":"https:\/\/coa-aco.org\/fr\/wp-json\/wp\/v2\/media?parent=3738"}],"curies":[{"name":"wp","href":"https:\/\/api.w.org\/{rel}","templated":true}]}}